{"id":6778,"date":"2023-10-10T10:49:23","date_gmt":"2023-10-10T10:49:23","guid":{"rendered":"https:\/\/usvl.sav.sk\/wp\/?page_id=6778"},"modified":"2026-04-02T22:00:47","modified_gmt":"2026-04-02T22:00:47","slug":"nase_absolventstvo","status":"publish","type":"page","link":"https:\/\/usvl.sav.sk\/wp\/?page_id=6778","title":{"rendered":"Na\u0161e absolventky a absolventi"},"content":{"rendered":"<p>&nbsp;<\/p>\n<ul>\n<li>Ter\u00e9zia Guimard, PhD. (2025): Urb\u00e1nny a soci\u00e1lny priestor Par\u00ed\u017ea v rom\u00e1ne druhej polovice 19. storo\u010dia (tvorba Emila Zolu). \u0160kolite\u013eka doc. PhDr. Jana Truhl\u00e1\u0159ov\u00e1, CSc.<\/li>\n<li><span style=\"color: #000000;\">Nata\u0161a Hromov\u00e1 Burcinov\u00e1, PhD. (2024)<\/span><\/li>\n<li><span style=\"color: #000000;\"><a style=\"color: #000000;\" href=\"https:\/\/usvl.sav.sk\/wp\/?p=7028\">Zuzana Kopeck\u00e1, PhD. (2021)<\/a><\/span><\/li>\n<li><span style=\"color: #000000;\"><a style=\"color: #000000;\" href=\"https:\/\/usvl.sav.sk\/wp\/?p=6741\" target=\"_blank\" rel=\"noopener\">Tamara \u0160imon\u010d\u00edkov\u00e1 Heribanov\u00e1, PhD. (2020)<\/a><\/span><\/li>\n<li><span style=\"color: #000000;\"><a style=\"color: #000000;\" href=\"https:\/\/usvl.sav.sk\/wp\/?p=7423\" target=\"_blank\" rel=\"noopener\">Kri\u0161tof Anetta, PhD. (2019)<\/a><\/span><\/li>\n<li><span style=\"color: #000000;\"><a style=\"color: #000000;\" href=\"https:\/\/usvl.sav.sk\/wp\/?p=7259\" target=\"_blank\" rel=\"noopener\">L\u00edvia Paszm\u00e1r, PhD. (2017)<\/a><\/span><\/li>\n<li><span style=\"color: #000000;\"><a style=\"color: #000000;\" href=\"https:\/\/usvl.sav.sk\/wp\/?p=8223\">Anna Fosse, PhD. (2017)<\/a><\/span><\/li>\n<li><span style=\"color: #000000;\"><a style=\"color: #000000;\" href=\"https:\/\/usvl.sav.sk\/wp\/?p=7419\" target=\"_blank\" rel=\"noopener\">Ter\u00e9zia Struh\u00e1rov\u00e1, PhD. (2014)<\/a><\/span><\/li>\n<li><span style=\"color: #000000;\"><a style=\"color: #000000;\" href=\"https:\/\/usvl.sav.sk\/wp\/?p=7041\">Zuzana Hus\u00e1rov\u00e1, PhD. (2009)<\/a><\/span><\/li>\n<\/ul>\n","protected":false},"excerpt":{"rendered":"<p>&nbsp; Ter\u00e9zia Guimard, PhD. (2025): Urb\u00e1nny a soci\u00e1lny priestor Par\u00ed\u017ea v rom\u00e1ne druhej polovice 19. storo\u010dia (tvorba Emila Zolu). \u0160kolite\u013eka doc. PhDr. Jana Truhl\u00e1\u0159ov\u00e1, CSc. Nata\u0161a Hromov\u00e1 Burcinov\u00e1, PhD. (2024) Zuzana Kopeck\u00e1, PhD. (2021) Tamara \u0160imon\u010d\u00edkov\u00e1 Heribanov\u00e1, PhD. (2020) Kri\u0161tof Anetta, PhD. (2019) L\u00edvia Paszm\u00e1r, PhD. (2017) Anna Fosse, PhD. (2017) Ter\u00e9zia Struh\u00e1rov\u00e1, PhD. (2014) &hellip; <a href=\"https:\/\/usvl.sav.sk\/wp\/?page_id=6778\" class=\"more-link\">Pokra\u010dova\u0165 na <span class=\"screen-reader-text\">Na\u0161e absolventky a absolventi<\/span> <span class=\"meta-nav\">&rarr;<\/span><\/a><\/p>\n","protected":false},"author":1,"featured_media":0,"parent":235,"menu_order":4,"comment_status":"closed","ping_status":"closed","template":"","meta":{"footnotes":""},"class_list":["post-6778","page","type-page","status-publish","hentry"],"_links":{"self":[{"href":"https:\/\/usvl.sav.sk\/wp\/index.php?rest_route=\/wp\/v2\/pages\/6778","targetHints":{"allow":["GET"]}}],"collection":[{"href":"https:\/\/usvl.sav.sk\/wp\/index.php?rest_route=\/wp\/v2\/pages"}],"about":[{"href":"https:\/\/usvl.sav.sk\/wp\/index.php?rest_route=\/wp\/v2\/types\/page"}],"author":[{"embeddable":true,"href":"https:\/\/usvl.sav.sk\/wp\/index.php?rest_route=\/wp\/v2\/users\/1"}],"replies":[{"embeddable":true,"href":"https:\/\/usvl.sav.sk\/wp\/index.php?rest_route=%2Fwp%2Fv2%2Fcomments&post=6778"}],"version-history":[{"count":14,"href":"https:\/\/usvl.sav.sk\/wp\/index.php?rest_route=\/wp\/v2\/pages\/6778\/revisions"}],"predecessor-version":[{"id":11075,"href":"https:\/\/usvl.sav.sk\/wp\/index.php?rest_route=\/wp\/v2\/pages\/6778\/revisions\/11075"}],"up":[{"embeddable":true,"href":"https:\/\/usvl.sav.sk\/wp\/index.php?rest_route=\/wp\/v2\/pages\/235"}],"wp:attachment":[{"href":"https:\/\/usvl.sav.sk\/wp\/index.php?rest_route=%2Fwp%2Fv2%2Fmedia&parent=6778"}],"curies":[{"name":"wp","href":"https:\/\/api.w.org\/{rel}","templated":true}]}}